{"id":8083,"date":"2025-06-04T19:06:37","date_gmt":"2025-06-04T17:06:37","guid":{"rendered":"https:\/\/kwintesencja.art\/?post_type=product&#038;p=8083"},"modified":"2025-12-01T10:52:24","modified_gmt":"2025-12-01T09:52:24","slug":"pejzaz-z-prowansji","status":"publish","type":"product","link":"https:\/\/kwintesencja.art\/pl\/product\/pejzaz-z-prowansji\/","title":{"rendered":"Pejza\u017c z Prowansji"},"content":{"rendered":"<p>Henryk Epstein urodzi si\u0119 w 1891 roku w \u0141odzi. W roku 1910 rozpocz\u0105\u0142 studia w Akademii Sztuk Pi\u0119knych w Monachium, od roku 1912 studiowa\u0142 w Pary\u017cu w Acad\u00e9mie de la Grande Chaumi\u00e8re. Pocz\u0105tkowo interesowa\u0142 si\u0119 przede wszystkim postimpresjonizmem, p\u00f3\u017aniej wszed\u0142 w kr\u0105g malarzy fowist\u00f3w. Podczas I wojny \u015bwiatowej zg\u0142osi\u0142 si\u0119 do polskich oddzia\u0142\u00f3w wojskowych. Po wojnie przebywa\u0142 w \u015brodowisku paryskich malarzy awangardowych na Montparnasse, zwi\u0105zanych z rotund\u0105 La Ruche. Zaprzyja\u017ani\u0142 si\u0119 m.in. z Amedeo Modiglianim, Chaimem Soutinem i Markiem Chagallem. Henryk Epstein malowa\u0142 martwe natury, akty, kompozycje figuralne i pejza\u017ce. We Francji malowa\u0142 rybak\u00f3w i ich otoczenie, porty, a tak\u017ce martwe natury przedstawiaj\u0105ce owoce morza, ryby i ptaki. W po\u0142owie lat 30. XX wieku kupi\u0142 gospodarstwo w okolicach \u00c9pernon, gdzie cz\u0119sto wyje\u017cd\u017ca\u0142. Ze wzgl\u0119du na \u017cydowskie pochodzenie zosta\u0142 aresztowany 23 lutego 1944 roku i wywieziony do obozu przej\u015bciowego w Drancy, z kt\u00f3rego \u017cona i c\u00f3rka pr\u00f3bowa\u0142y go bezskutecznie wyci\u0105gn\u0105\u0107. Transportem nr 69 w dniu 7 marca 1944 przewieziono go do obozu w Auschwitz, gdzie zgin\u0105\u0142.<\/p>\n<p class=\"\" data-start=\"0\" data-end=\"219\">Scena rodzajowa przedstawiaj\u0105ca grup\u0119 kobiet zgromadzonych na placu lub targu. Centralna posta\u0107 z parasolk\u0105 dominuje kompozycj\u0119, podczas gdy pozosta\u0142e postacie tworz\u0105 dynamiczne, swobodne grupy. Styl malarski cechuje si\u0119 ekspresyjnym konturem, u\u017cyciem czerni do rysunku i plamami \u017cywych kolor\u00f3w. Kolorystyka typowa dla akwareli Epsteina \u2013 stonowana z akcentami b\u0142\u0119kit\u00f3w, czerwieni, \u017c\u00f3\u0142ci i zieleni.<\/p>\n","protected":false},"excerpt":{"rendered":"<p data-start=\"181\" data-end=\"216\"><strong data-start=\"185\" data-end=\"214\">Henri Epstein (1891\u20131944)<br \/>\n<\/strong><strong data-start=\"217\" data-end=\"227\">Tytu\u0142:<\/strong> Pejza\u017c z Prowansji<br data-start=\"248\" data-end=\"251\" \/><strong data-start=\"251\" data-end=\"264\">Technika:<\/strong> Akwarela, papier<br data-start=\"285\" data-end=\"288\" \/><strong data-start=\"288\" data-end=\"302\">Sygnatura:<\/strong> <span class=\"HwtZe\" lang=\"pl\"><span class=\"jCAhz ChMk0b\"><span class=\"ryNqvb\">\u201eH. Epstein 1938\u201d<\/span><\/span><\/span><br \/>\n<strong>Rok:<\/strong> 1938<br data-start=\"330\" data-end=\"333\" \/><strong data-start=\"333\" data-end=\"345\">Wymiary:<\/strong> <span class=\"HwtZe\" lang=\"pl\"><span class=\"jCAhz ChMk0b\"><span class=\"ryNqvb\">w \u015bw. p-p. 47 x 61 cm, 62 x 76 cm (z opraw\u0105)<br \/>\n<strong>Pochodzenie:<\/strong> Nabyte bezpo\u015brednio od artysty, dziedziczenie do obecnego w\u0142a\u015bciciela we Francji<br \/>\n<strong>Stan:<\/strong> bardzo dobry<br \/>\nCertyfikat autentyczno\u015bci<\/span><\/span><\/span><\/p>\n<p><span class=\"HwtZe\" lang=\"pl\"><span class=\"jCAhz ChMk0b\"><span class=\"ryNqvb\">\u00a0<\/span><\/span><\/span><\/p>\n","protected":false},"featured_media":8085,"template":"","meta":{"_monsterinsights_skip_tracking":false,"_monsterinsights_sitenote_active":false,"_monsterinsights_sitenote_note":"","_monsterinsights_sitenote_category":0,"_themeisle_gutenberg_block_has_review":false},"product_cat":[39],"product_tag":[225,350],"class_list":["post-8083","product","type-product","status-publish","has-post-thumbnail","hentry","product_cat-obrazy","product_tag-epstein-henryk","product_tag-wyprzedaz","product_shipping_class-rodzaj-wysylki-3"],"aioseo_notices":[],"_links":{"self":[{"href":"https:\/\/kwintesencja.art\/pl\/wp-json\/wp\/v2\/product\/8083","targetHints":{"allow":["GET"]}}],"collection":[{"href":"https:\/\/kwintesencja.art\/pl\/wp-json\/wp\/v2\/product"}],"about":[{"href":"https:\/\/kwintesencja.art\/pl\/wp-json\/wp\/v2\/types\/product"}],"wp:featuredmedia":[{"embeddable":true,"href":"https:\/\/kwintesencja.art\/pl\/wp-json\/wp\/v2\/media\/8085"}],"wp:attachment":[{"href":"https:\/\/kwintesencja.art\/pl\/wp-json\/wp\/v2\/media?parent=8083"}],"wp:term":[{"taxonomy":"product_cat","embeddable":true,"href":"https:\/\/kwintesencja.art\/pl\/wp-json\/wp\/v2\/product_cat?post=8083"},{"taxonomy":"product_tag","embeddable":true,"href":"https:\/\/kwintesencja.art\/pl\/wp-json\/wp\/v2\/product_tag?post=8083"}],"curies":[{"name":"wp","href":"https:\/\/api.w.org\/{rel}","templated":true}]}}