{"id":4505,"date":"2023-05-31T09:40:24","date_gmt":"2023-05-31T07:40:24","guid":{"rendered":"https:\/\/kwintesencja.art\/?post_type=product&#038;p=4505"},"modified":"2025-10-16T21:58:32","modified_gmt":"2025-10-16T19:58:32","slug":"akt-9","status":"publish","type":"product","link":"https:\/\/kwintesencja.art\/pl\/product\/akt-9\/","title":{"rendered":"Akt"},"content":{"rendered":"<p class=\"western\">Jakub Markiel urodzi\u0142 si\u0119 20 lipca 1911 r. w \u0141odzi. Kiedy by\u0142 dzieckiem jego matka odkry\u0142a w nim artystyczny talent i posy\u0142a\u0142a na prywatne lekcje rysunku. Na pocz\u0105tku lat trzydziestych uko\u0144czy\u0142 Akademi\u0119 Sztuk Pi\u0119knych w Krakowie. W 1933 r. otrzyma\u0142 stypendium i przeni\u00f3s\u0142 si\u0119 do Pary\u017ca, gdzie mieszka\u0142 i kszta\u0142ci\u0142 si\u0119 a\u017c do wybuchu wojny i niemieckiej okupacji.<\/p>\n<p class=\"western\">W 1943 r. odkryto jego \u017cydowskie pochodzenie, w rezultacie by\u0142 aresztowany i skierowany do obozu w Drancy. 25 czerwca 1943 r. zosta\u0142 przywieziony w transporcie G\u0142\u00f3wnego Urz\u0119du Bezpiecze\u0144stwa Rzeszy (RSHA) nr 55 do KL Auschwitz. Podczas rejestracji w obozie otrzyma\u0142 numer 126 105. Prawdopodobnie nast\u0119pnego dnia po przywiezieniu zosta\u0142 skierowany do podobozu Jawischowitz i zmuszony do pracy w kopalni \u201eBrzeszcze\u201d.<\/p>\n<p>W podobozie Jakub Markiel ujawni\u0142 swoje zdolno\u015bci plastyczne. W 1944 r. na rozkaz kierownika Jawischowitz ozdobi\u0142 rysunkami korytarze czterech nowo wybudowanych blok\u00f3w, a tak\u017ce wykona\u0142 dwie figury, kt\u00f3re zosta\u0142y ustawione wewn\u0105trz podobozu po obu stronach bramy wej\u015bciowej.<br \/>\nJakub Markiel wykonywa\u0142 r\u00f3wnie\u017c portrety dla esesman\u00f3w i kapo oraz, potajemnie, dla wi\u0119\u017ani\u00f3w.<br \/>\nW nocy z 18 na 19 stycznia 1945 r., podczas ostatecznej ewakuacji KL Auschwitz, Jakub Markiel zosta\u0142 zmuszony do marszu wraz z pozosta\u0142ymi wi\u0119\u017aniami podobozu Jawischowitz do odleg\u0142ego o ponad 50 kilometr\u00f3w Wodzis\u0142awia \u015al\u0105skiego. 22 stycznia zosta\u0142 zosta\u0142 przywieziony do KL Buchenwald.<\/p>\n<p>Po wyzwoleniu wr\u00f3ci\u0142 do Francji, mieszka\u0142 w Pary\u017cu, gdzie \u2013 wed\u0142ug informacji zamieszczonej na stronie internetowej Galerii 97 w Tel Avivie \u2013 zmar\u0142 w 2008 r.<\/p>\n","protected":false},"excerpt":{"rendered":"<p>Autor: Jakub Markiel (1911\u20132008)<br \/>\nArtysta z kr\u0119gu Ecole de Paris<br \/>\nTytu\u0142: Akt<br \/>\nRok: nieznany<br \/>\nTechnika: olej na p\u0142\u00f3tnie (p\u0142\u00f3tno naklejone na desce)<br \/>\nWymiary: 61 x 38 cm (arkusz)<br \/>\nSygnatura: odr\u0119czna p.d.: Markiel<br \/>\nCertyfikat autentyczno\u015bci<\/p>\n","protected":false},"featured_media":4719,"template":"","meta":{"_monsterinsights_skip_tracking":false,"_monsterinsights_sitenote_active":false,"_monsterinsights_sitenote_note":"","_monsterinsights_sitenote_category":0,"_themeisle_gutenberg_block_has_review":false},"product_cat":[39],"product_tag":[234],"class_list":["post-4505","product","type-product","status-publish","has-post-thumbnail","hentry","product_cat-obrazy","product_tag-markiel-jakub","product_shipping_class-rodzaj-wysylki-3"],"aioseo_notices":[],"_links":{"self":[{"href":"https:\/\/kwintesencja.art\/pl\/wp-json\/wp\/v2\/product\/4505","targetHints":{"allow":["GET"]}}],"collection":[{"href":"https:\/\/kwintesencja.art\/pl\/wp-json\/wp\/v2\/product"}],"about":[{"href":"https:\/\/kwintesencja.art\/pl\/wp-json\/wp\/v2\/types\/product"}],"wp:featuredmedia":[{"embeddable":true,"href":"https:\/\/kwintesencja.art\/pl\/wp-json\/wp\/v2\/media\/4719"}],"wp:attachment":[{"href":"https:\/\/kwintesencja.art\/pl\/wp-json\/wp\/v2\/media?parent=4505"}],"wp:term":[{"taxonomy":"product_cat","embeddable":true,"href":"https:\/\/kwintesencja.art\/pl\/wp-json\/wp\/v2\/product_cat?post=4505"},{"taxonomy":"product_tag","embeddable":true,"href":"https:\/\/kwintesencja.art\/pl\/wp-json\/wp\/v2\/product_tag?post=4505"}],"curies":[{"name":"wp","href":"https:\/\/api.w.org\/{rel}","templated":true}]}}