{"id":1407,"date":"2022-03-16T21:02:38","date_gmt":"2022-03-16T20:02:38","guid":{"rendered":"https:\/\/kwintesencja.art\/?post_type=product&#038;p=1407"},"modified":"2026-02-22T12:28:44","modified_gmt":"2026-02-22T11:28:44","slug":"chopin","status":"publish","type":"product","link":"https:\/\/kwintesencja.art\/pl\/product\/chopin\/","title":{"rendered":"Chopin"},"content":{"rendered":"<p><strong><span lang=\"pl-PL\">Stanis\u0142aw Brach<\/span><\/strong><span lang=\"pl-PL\"> urodzony 1972 r. w\u00a0Gorlicach. Profesor Akademii Sztuk Pi\u0119knych w\u00a0Warszawie. Od\u00a02010 roku kieruje Pracowni\u0105 Ceramiki na\u00a0Wydziale Rze\u017aby warszawskiej ASP. Absolwent Wydzia\u0142u Rze\u017aby Akademii Sztuk Pi\u0119knych w\u00a0Krakowie, dyplom w\u00a0pracowni prof.\u00a0Mariana Koniecznego w\u00a02000 roku oraz\u00a0Technikum Ceramicznego w\u00a0\u0141ysej G\u00f3rze (1987-1993). W\u00a02014 roku uzyska\u0142 tytu\u0142 doktora habilitowanego w\u00a0dziedzinie sztuk pi\u0119knych na\u00a0Wydziale Rze\u017aby ASP w\u00a0Krakowie. Laureat nagrody Rektora ASP w\u00a0Warszawie (2011), stypendysta Ministerstwa Kultury i\u00a0Dziedzictwa Narodowego (2014), projekt artystyczny \u201eDwie przestrzenie\u201d. Finalista mi\u0119dzynarodowego konkursu Taiwan Ceramics Biennale 2016, oraz\u00a0z\u0142otego medalu za\u00a0prace Miodem p\u0142yn\u0105ce na\u00a045 Apimondia 2017, International Apicultural Congress, Istambu\u0142, Turcja i\u00a046 Apimondia 2019, International Apicultural Congress, Montreal, Kanada. Organizator kilkudziesi\u0119ciu wystaw indywidualnych i\u00a0zbiorowych, uczestnik wielu plener\u00f3w i\u00a0konkurs\u00f3w mi\u0119dzynarodowych m.in.\u00a0we\u00a0W\u0142oszech, Japonii i\u00a0Tajwanie. Prace w\u00a0zbiorach Muzeum Rze\u017aby Wsp\u00f3\u0142czesnej Centrum Rze\u017aby Polskiej w\u00a0Oro\u0144sku, Mi\u0119dzynarodowego Muzeum Ceramiki w\u00a0Faenza we\u00a0W\u0142oszech, New Taipei City Yingge Ceramics Museum w\u00a0Tajwanie, w\u00a0Pa\u0142acu Sztuki we\u00a0Lwowie<\/span> <span lang=\"pl-PL\">oraz\u00a0w\u00a0zbiorach prywatnych.<\/span><\/p>\n","protected":false},"excerpt":{"rendered":"<p>Tytu\u0142: Chopin<br \/>\nAutor: Stanis\u0142aw Brach<br \/>\nRok: 2021<br \/>\nTechnika: porcelana \u0107mielowska &#8211; odlew<br \/>\nOprawa: nie<br \/>\nPodpis: sygnatura na spodzie oraz numeracja<br \/>\nWymiary: ok 30x20x30cm<br \/>\nStan zachowania: bardzo dobry<br \/>\nCertyfikat autentyczno\u015bci<\/p>\n","protected":false},"featured_media":1409,"template":"","meta":{"_monsterinsights_skip_tracking":false,"_monsterinsights_sitenote_active":false,"_monsterinsights_sitenote_note":"","_monsterinsights_sitenote_category":0,"_themeisle_gutenberg_block_has_review":false},"product_cat":[15],"product_tag":[99],"class_list":["post-1407","product","type-product","status-publish","has-post-thumbnail","hentry","product_cat-pozostale","product_tag-brach-stanislaw","product_shipping_class-rodzaj-wysylki-3"],"aioseo_notices":[],"_links":{"self":[{"href":"https:\/\/kwintesencja.art\/pl\/wp-json\/wp\/v2\/product\/1407","targetHints":{"allow":["GET"]}}],"collection":[{"href":"https:\/\/kwintesencja.art\/pl\/wp-json\/wp\/v2\/product"}],"about":[{"href":"https:\/\/kwintesencja.art\/pl\/wp-json\/wp\/v2\/types\/product"}],"wp:featuredmedia":[{"embeddable":true,"href":"https:\/\/kwintesencja.art\/pl\/wp-json\/wp\/v2\/media\/1409"}],"wp:attachment":[{"href":"https:\/\/kwintesencja.art\/pl\/wp-json\/wp\/v2\/media?parent=1407"}],"wp:term":[{"taxonomy":"product_cat","embeddable":true,"href":"https:\/\/kwintesencja.art\/pl\/wp-json\/wp\/v2\/product_cat?post=1407"},{"taxonomy":"product_tag","embeddable":true,"href":"https:\/\/kwintesencja.art\/pl\/wp-json\/wp\/v2\/product_tag?post=1407"}],"curies":[{"name":"wp","href":"https:\/\/api.w.org\/{rel}","templated":true}]}}